{"id":20,"date":"2023-06-12T13:30:58","date_gmt":"2023-06-12T13:30:58","guid":{"rendered":"https:\/\/www.profiportret.cz\/?page_id=20"},"modified":"2023-07-16T13:58:59","modified_gmt":"2023-07-16T13:58:59","slug":"o-autorce","status":"publish","type":"page","link":"https:\/\/www.profiportret.cz\/en\/o-autorce\/","title":{"rendered":"About author"},"content":{"rendered":"<p class=\"has-text-align-center author-introduction has-normal-font-size\" style=\"font-style:normal;font-weight:400\"><em>Ak.mal. a rest. Veronika Jelenov\u00e1 <\/em><br><em>nar. 1972 v&nbsp;N\u00e1chod\u011b<\/em><\/p>\n\n\n\n<div class=\"wp-block-columns is-layout-flex wp-container-core-columns-is-layout-9d6595d7 wp-block-columns-is-layout-flex\">\n<div class=\"wp-block-column is-layout-flow wp-block-column-is-layout-flow\" style=\"flex-basis:50%\">\n<p>Vystudovala St\u0159edn\u00ed Pr\u016fmyslovou \u0160kolu Grafickou (Hellichova) v&nbsp;Praze, obor konzerv\u00e1torstv\u00ed a&nbsp;restaur\u00e1torstv\u00ed pap\u00edru a&nbsp;kni\u017en\u00ed vazby.<\/p>\n<\/div>\n\n\n\n<div class=\"wp-block-column is-layout-flow wp-block-column-is-layout-flow\" style=\"flex-basis:50%\">\n<figure class=\"wp-block-image size-large figcaption-align-left\"><img loading=\"lazy\" decoding=\"async\" width=\"1280\" height=\"734\" src=\"https:\/\/www.profiportret.cz\/wp-content\/uploads\/2023\/06\/kopie07d-1280x734.jpg\" alt=\"Veronika Jelenova - copies kopie obrazu\" class=\"wp-image-71\" srcset=\"https:\/\/www.profiportret.cz\/wp-content\/uploads\/2023\/06\/kopie07d-1280x734.jpg 1280w, https:\/\/www.profiportret.cz\/wp-content\/uploads\/2023\/06\/kopie07d-600x344.jpg 600w, https:\/\/www.profiportret.cz\/wp-content\/uploads\/2023\/06\/kopie07d-768x441.jpg 768w, https:\/\/www.profiportret.cz\/wp-content\/uploads\/2023\/06\/kopie07d-1536x881.jpg 1536w, https:\/\/www.profiportret.cz\/wp-content\/uploads\/2023\/06\/kopie07d-18x10.jpg 18w, https:\/\/www.profiportret.cz\/wp-content\/uploads\/2023\/06\/kopie07d.jpg 1834w\" sizes=\"auto, (max-width: 1280px) 100vw, 1280px\" \/><\/figure>\n<\/div>\n<\/div>\n\n\n\n<p>Pot\u00e9 absolvovala na Akademii V\u00fdtvarn\u00fdch Um\u011bn\u00ed v&nbsp;Praze, v&nbsp;oboru restaurov\u00e1n\u00ed mal\u00ed\u0159sk\u00fdch um\u011bleck\u00fdch d\u011bl v&nbsp;atelieru prof. K.&nbsp;Strettiho. Kr\u00e1tce pak p\u016fsobila jako restaur\u00e1torka v&nbsp;N\u00e1rodn\u00ed galerii.<\/p>\n\n\n\n<div class=\"wp-block-columns is-layout-flex wp-container-core-columns-is-layout-9d6595d7 wp-block-columns-is-layout-flex\">\n<div class=\"wp-block-column is-layout-flow wp-block-column-is-layout-flow\">\n<figure class=\"wp-block-image size-large\"><img loading=\"lazy\" decoding=\"async\" width=\"960\" height=\"1280\" src=\"https:\/\/www.profiportret.cz\/wp-content\/uploads\/2023\/06\/img928_4x3-960x1280.jpg\" alt=\"Veronika Jelenova - painting process\" class=\"wp-image-224\" srcset=\"https:\/\/www.profiportret.cz\/wp-content\/uploads\/2023\/06\/img928_4x3-960x1280.jpg 960w, https:\/\/www.profiportret.cz\/wp-content\/uploads\/2023\/06\/img928_4x3-450x600.jpg 450w, https:\/\/www.profiportret.cz\/wp-content\/uploads\/2023\/06\/img928_4x3-768x1024.jpg 768w, https:\/\/www.profiportret.cz\/wp-content\/uploads\/2023\/06\/img928_4x3-1152x1536.jpg 1152w, https:\/\/www.profiportret.cz\/wp-content\/uploads\/2023\/06\/img928_4x3-1536x2048.jpg 1536w, https:\/\/www.profiportret.cz\/wp-content\/uploads\/2023\/06\/img928_4x3-9x12.jpg 9w, https:\/\/www.profiportret.cz\/wp-content\/uploads\/2023\/06\/img928_4x3-640x853.jpg 640w, https:\/\/www.profiportret.cz\/wp-content\/uploads\/2023\/06\/img928_4x3-scaled.jpg 1920w\" sizes=\"auto, (max-width: 960px) 100vw, 960px\" \/><\/figure>\n<\/div>\n\n\n\n<div class=\"wp-block-column is-layout-flow wp-block-column-is-layout-flow\">\n<figure class=\"wp-block-image size-large\"><img loading=\"lazy\" decoding=\"async\" width=\"960\" height=\"1280\" src=\"https:\/\/www.profiportret.cz\/wp-content\/uploads\/2023\/06\/kopie04a_4x3-960x1280.jpg\" alt=\"Veronika Jelenova painting - copy kopie\" class=\"wp-image-228\" srcset=\"https:\/\/www.profiportret.cz\/wp-content\/uploads\/2023\/06\/kopie04a_4x3-960x1280.jpg 960w, https:\/\/www.profiportret.cz\/wp-content\/uploads\/2023\/06\/kopie04a_4x3-450x600.jpg 450w, https:\/\/www.profiportret.cz\/wp-content\/uploads\/2023\/06\/kopie04a_4x3-768x1024.jpg 768w, https:\/\/www.profiportret.cz\/wp-content\/uploads\/2023\/06\/kopie04a_4x3-1152x1536.jpg 1152w, https:\/\/www.profiportret.cz\/wp-content\/uploads\/2023\/06\/kopie04a_4x3-1536x2048.jpg 1536w, https:\/\/www.profiportret.cz\/wp-content\/uploads\/2023\/06\/kopie04a_4x3-9x12.jpg 9w, https:\/\/www.profiportret.cz\/wp-content\/uploads\/2023\/06\/kopie04a_4x3-640x853.jpg 640w, https:\/\/www.profiportret.cz\/wp-content\/uploads\/2023\/06\/kopie04a_4x3-scaled.jpg 1920w\" sizes=\"auto, (max-width: 960px) 100vw, 960px\" \/><\/figure>\n<\/div>\n<\/div>\n\n\n\n<div class=\"wp-block-columns is-layout-flex wp-container-core-columns-is-layout-9d6595d7 wp-block-columns-is-layout-flex\">\n<div class=\"wp-block-column is-layout-flow wp-block-column-is-layout-flow\">\n<p>Nyn\u00ed je na voln\u00e9 noze a&nbsp;pracuje jako restaur\u00e1torka a v\u00fdtvarnice.<\/p>\n\n\n\n<p>It deals with the creation of painting copies and portraits to order, and the printing of lithographs - ex libris <a href=\"http:\/\/www.lithography.cz\" data-type=\"URL\" data-id=\"www.lithography.cz\" target=\"_blank\" rel=\"noreferrer noopener\">(litographic workshop of Petr Korbel\u00e1\u0159)<\/a><\/p>\n<\/div>\n\n\n\n<div class=\"wp-block-column is-layout-flow wp-block-column-is-layout-flow\">\n<figure class=\"wp-block-image size-large\"><img loading=\"lazy\" decoding=\"async\" width=\"1280\" height=\"945\" src=\"https:\/\/www.profiportret.cz\/wp-content\/uploads\/2023\/06\/VALDSTEJN01-foto-Oldrich-Jelen-st-1280x945.jpg\" alt=\"Veronika Jelenova painting \" class=\"wp-image-72\" srcset=\"https:\/\/www.profiportret.cz\/wp-content\/uploads\/2023\/06\/VALDSTEJN01-foto-Oldrich-Jelen-st-1280x945.jpg 1280w, https:\/\/www.profiportret.cz\/wp-content\/uploads\/2023\/06\/VALDSTEJN01-foto-Oldrich-Jelen-st-600x443.jpg 600w, https:\/\/www.profiportret.cz\/wp-content\/uploads\/2023\/06\/VALDSTEJN01-foto-Oldrich-Jelen-st-768x567.jpg 768w, https:\/\/www.profiportret.cz\/wp-content\/uploads\/2023\/06\/VALDSTEJN01-foto-Oldrich-Jelen-st-1536x1134.jpg 1536w, https:\/\/www.profiportret.cz\/wp-content\/uploads\/2023\/06\/VALDSTEJN01-foto-Oldrich-Jelen-st-2048x1512.jpg 2048w, https:\/\/www.profiportret.cz\/wp-content\/uploads\/2023\/06\/VALDSTEJN01-foto-Oldrich-Jelen-st-16x12.jpg 16w\" sizes=\"auto, (max-width: 1280px) 100vw, 1280px\" \/><\/figure>\n<\/div>\n<\/div>\n\n\n\n<div class=\"wp-block-columns is-layout-flex wp-container-core-columns-is-layout-9d6595d7 wp-block-columns-is-layout-flex\">\n<div class=\"wp-block-column is-layout-flow wp-block-column-is-layout-flow\">\n<figure class=\"wp-block-image size-large is-style-default figcaption-align-left\"><img loading=\"lazy\" decoding=\"async\" width=\"960\" height=\"1280\" src=\"https:\/\/www.profiportret.cz\/wp-content\/uploads\/2023\/06\/veronika-u-obrazu1-960x1280.jpg\" alt=\"Veronika Jelenova portret - kardinal duka\" class=\"wp-image-106\" srcset=\"https:\/\/www.profiportret.cz\/wp-content\/uploads\/2023\/06\/veronika-u-obrazu1-960x1280.jpg 960w, https:\/\/www.profiportret.cz\/wp-content\/uploads\/2023\/06\/veronika-u-obrazu1-450x600.jpg 450w, https:\/\/www.profiportret.cz\/wp-content\/uploads\/2023\/06\/veronika-u-obrazu1-768x1024.jpg 768w, https:\/\/www.profiportret.cz\/wp-content\/uploads\/2023\/06\/veronika-u-obrazu1-1152x1536.jpg 1152w, https:\/\/www.profiportret.cz\/wp-content\/uploads\/2023\/06\/veronika-u-obrazu1-1536x2048.jpg 1536w, https:\/\/www.profiportret.cz\/wp-content\/uploads\/2023\/06\/veronika-u-obrazu1-9x12.jpg 9w, https:\/\/www.profiportret.cz\/wp-content\/uploads\/2023\/06\/veronika-u-obrazu1-640x853.jpg 640w, https:\/\/www.profiportret.cz\/wp-content\/uploads\/2023\/06\/veronika-u-obrazu1-scaled.jpg 1920w\" sizes=\"auto, (max-width: 960px) 100vw, 960px\" \/><figcaption class=\"wp-element-caption\">The portrait of Cardinal Duke<\/figcaption><\/figure>\n<\/div>\n\n\n\n<div class=\"wp-block-column is-layout-flow wp-block-column-is-layout-flow\">\n<p>She has been long-term collaborating on many art projects with her graphic designer husband <a rel=\"noreferrer noopener\" href=\"http:\/\/www.oldrichjelen.cz\" data-type=\"URL\" data-id=\"www.oldrichjelen.cz\" target=\"_blank\">Old\u0159ich Jelen<\/a> a&nbsp;s&nbsp;dcerou v\u00fdtvarnic\u00ed <a rel=\"noreferrer noopener\" href=\"http:\/\/www.facebook.com\/frantiska.jelenova\" data-type=\"URL\" data-id=\"www.facebook.com\/frantiska.jelenova\" target=\"_blank\">Franti\u0161ka Jelenov\u00e1<\/a>.<\/p>\n<\/div>\n<\/div>","protected":false},"excerpt":{"rendered":"<p>Ak.mal. a rest. Veronika Jelenov\u00e1 nar. 1972 v&nbsp;N\u00e1chod\u011b Vystudovala St\u0159edn\u00ed Pr\u016fmyslovou \u0160kolu Grafickou (Hellichova) v&nbsp;Praze, obor konzerv\u00e1torstv\u00ed a&nbsp;restaur\u00e1torstv\u00ed pap\u00edru a&nbsp;kni\u017en\u00ed vazby. Pot\u00e9 absolvovala na Akademii V\u00fdtvarn\u00fdch Um\u011bn\u00ed v&nbsp;Praze, v&nbsp;oboru restaurov\u00e1n\u00ed<\/p>\n<p class=\"more-link\"><a href=\"https:\/\/www.profiportret.cz\/en\/o-autorce\/\" class=\"readmore\">Read more...<span class=\"screen-reader-text\">About author<\/span><\/a><\/p>","protected":false},"author":1,"featured_media":0,"parent":0,"menu_order":0,"comment_status":"closed","ping_status":"closed","template":"","meta":{"_acf_changed":false,"footnotes":""},"class_list":["post-20","page","type-page","status-publish","hentry"],"acf":[],"yoast_head":"<!-- This site is optimized with the Yoast SEO plugin v26.9 - https:\/\/yoast.com\/product\/yoast-seo-wordpress\/ -->\n<title>O autorce - ProfiPortr\u00e9t<\/title>\n<meta name=\"robots\" content=\"index, follow, max-snippet:-1, max-image-preview:large, max-video-preview:-1\" \/>\n<link rel=\"canonical\" href=\"https:\/\/www.profiportret.cz\/en\/o-autorce\/\" \/>\n<meta property=\"og:locale\" content=\"en_GB\" \/>\n<meta property=\"og:type\" content=\"article\" \/>\n<meta property=\"og:title\" content=\"O autorce - ProfiPortr\u00e9t\" \/>\n<meta property=\"og:description\" content=\"Ak.mal. a rest. Veronika Jelenov\u00e1 nar. 1972 v&nbsp;N\u00e1chod\u011b Vystudovala St\u0159edn\u00ed Pr\u016fmyslovou \u0160kolu Grafickou (Hellichova) v&nbsp;Praze, obor konzerv\u00e1torstv\u00ed a&nbsp;restaur\u00e1torstv\u00ed pap\u00edru a&nbsp;kni\u017en\u00ed vazby. Pot\u00e9 absolvovala na Akademii V\u00fdtvarn\u00fdch Um\u011bn\u00ed v&nbsp;Praze, v&nbsp;oboru restaurov\u00e1n\u00ed\u010c\u00edst d\u00e1le...O autorce\" \/>\n<meta property=\"og:url\" content=\"https:\/\/www.profiportret.cz\/en\/o-autorce\/\" \/>\n<meta property=\"og:site_name\" content=\"ProfiPortr\u00e9t\" \/>\n<meta property=\"article:modified_time\" content=\"2023-07-16T13:58:59+00:00\" \/>\n<meta property=\"og:image\" content=\"https:\/\/www.profiportret.cz\/wp-content\/uploads\/2023\/06\/kopie07d-1280x734.jpg\" \/>\n<meta name=\"twitter:card\" content=\"summary_large_image\" \/>\n<meta name=\"twitter:label1\" content=\"Estimated reading time\" \/>\n\t<meta name=\"twitter:data1\" content=\"1 minute\" \/>\n<script type=\"application\/ld+json\" class=\"yoast-schema-graph\">{\"@context\":\"https:\/\/schema.org\",\"@graph\":[{\"@type\":\"WebPage\",\"@id\":\"https:\/\/www.profiportret.cz\/o-autorce\/\",\"url\":\"https:\/\/www.profiportret.cz\/o-autorce\/\",\"name\":\"O autorce - ProfiPortr\u00e9t\",\"isPartOf\":{\"@id\":\"https:\/\/www.profiportret.cz\/#website\"},\"primaryImageOfPage\":{\"@id\":\"https:\/\/www.profiportret.cz\/o-autorce\/#primaryimage\"},\"image\":{\"@id\":\"https:\/\/www.profiportret.cz\/o-autorce\/#primaryimage\"},\"thumbnailUrl\":\"https:\/\/www.profiportret.cz\/wp-content\/uploads\/2023\/06\/kopie07d-1280x734.jpg\",\"datePublished\":\"2023-06-12T13:30:58+00:00\",\"dateModified\":\"2023-07-16T13:58:59+00:00\",\"breadcrumb\":{\"@id\":\"https:\/\/www.profiportret.cz\/o-autorce\/#breadcrumb\"},\"inLanguage\":\"en-GB\",\"potentialAction\":[{\"@type\":\"ReadAction\",\"target\":[\"https:\/\/www.profiportret.cz\/o-autorce\/\"]}]},{\"@type\":\"ImageObject\",\"inLanguage\":\"en-GB\",\"@id\":\"https:\/\/www.profiportret.cz\/o-autorce\/#primaryimage\",\"url\":\"https:\/\/www.profiportret.cz\/wp-content\/uploads\/2023\/06\/kopie07d-1280x734.jpg\",\"contentUrl\":\"https:\/\/www.profiportret.cz\/wp-content\/uploads\/2023\/06\/kopie07d-1280x734.jpg\"},{\"@type\":\"BreadcrumbList\",\"@id\":\"https:\/\/www.profiportret.cz\/o-autorce\/#breadcrumb\",\"itemListElement\":[{\"@type\":\"ListItem\",\"position\":1,\"name\":\"Dom\u016f\",\"item\":\"https:\/\/www.profiportret.cz\/\"},{\"@type\":\"ListItem\",\"position\":2,\"name\":\"O autorce\"}]},{\"@type\":\"WebSite\",\"@id\":\"https:\/\/www.profiportret.cz\/#website\",\"url\":\"https:\/\/www.profiportret.cz\/\",\"name\":\"ProfiPortr\u00e9t\",\"description\":\"\",\"publisher\":{\"@id\":\"https:\/\/www.profiportret.cz\/#\/schema\/person\/1056b1e82e010c8cb52945a855b084ae\"},\"potentialAction\":[{\"@type\":\"SearchAction\",\"target\":{\"@type\":\"EntryPoint\",\"urlTemplate\":\"https:\/\/www.profiportret.cz\/?s={search_term_string}\"},\"query-input\":{\"@type\":\"PropertyValueSpecification\",\"valueRequired\":true,\"valueName\":\"search_term_string\"}}],\"inLanguage\":\"en-GB\"},{\"@type\":[\"Person\",\"Organization\"],\"@id\":\"https:\/\/www.profiportret.cz\/#\/schema\/person\/1056b1e82e010c8cb52945a855b084ae\",\"name\":\"Veronika\",\"image\":{\"@type\":\"ImageObject\",\"inLanguage\":\"en-GB\",\"@id\":\"https:\/\/www.profiportret.cz\/#\/schema\/person\/image\/\",\"url\":\"https:\/\/secure.gravatar.com\/avatar\/8eca9da4f9d7ac48ae37db19197f9c2f0adc64e463cacc4872728095c3169925?s=96&d=mm&r=g\",\"contentUrl\":\"https:\/\/secure.gravatar.com\/avatar\/8eca9da4f9d7ac48ae37db19197f9c2f0adc64e463cacc4872728095c3169925?s=96&d=mm&r=g\",\"caption\":\"Veronika\"},\"logo\":{\"@id\":\"https:\/\/www.profiportret.cz\/#\/schema\/person\/image\/\"}}]}<\/script>\n<!-- \/ Yoast SEO plugin. -->","yoast_head_json":{"title":"O autorce - ProfiPortr\u00e9t","robots":{"index":"index","follow":"follow","max-snippet":"max-snippet:-1","max-image-preview":"max-image-preview:large","max-video-preview":"max-video-preview:-1"},"canonical":"https:\/\/www.profiportret.cz\/en\/o-autorce\/","og_locale":"en_GB","og_type":"article","og_title":"O autorce - ProfiPortr\u00e9t","og_description":"Ak.mal. a rest. Veronika Jelenov\u00e1 nar. 1972 v&nbsp;N\u00e1chod\u011b Vystudovala St\u0159edn\u00ed Pr\u016fmyslovou \u0160kolu Grafickou (Hellichova) v&nbsp;Praze, obor konzerv\u00e1torstv\u00ed a&nbsp;restaur\u00e1torstv\u00ed pap\u00edru a&nbsp;kni\u017en\u00ed vazby. Pot\u00e9 absolvovala na Akademii V\u00fdtvarn\u00fdch Um\u011bn\u00ed v&nbsp;Praze, v&nbsp;oboru restaurov\u00e1n\u00ed\u010c\u00edst d\u00e1le...O autorce","og_url":"https:\/\/www.profiportret.cz\/en\/o-autorce\/","og_site_name":"ProfiPortr\u00e9t","article_modified_time":"2023-07-16T13:58:59+00:00","og_image":[{"url":"https:\/\/www.profiportret.cz\/wp-content\/uploads\/2023\/06\/kopie07d-1280x734.jpg","type":"","width":"","height":""}],"twitter_card":"summary_large_image","twitter_misc":{"Estimated reading time":"1 minute"},"schema":{"@context":"https:\/\/schema.org","@graph":[{"@type":"WebPage","@id":"https:\/\/www.profiportret.cz\/o-autorce\/","url":"https:\/\/www.profiportret.cz\/o-autorce\/","name":"O autorce - ProfiPortr\u00e9t","isPartOf":{"@id":"https:\/\/www.profiportret.cz\/#website"},"primaryImageOfPage":{"@id":"https:\/\/www.profiportret.cz\/o-autorce\/#primaryimage"},"image":{"@id":"https:\/\/www.profiportret.cz\/o-autorce\/#primaryimage"},"thumbnailUrl":"https:\/\/www.profiportret.cz\/wp-content\/uploads\/2023\/06\/kopie07d-1280x734.jpg","datePublished":"2023-06-12T13:30:58+00:00","dateModified":"2023-07-16T13:58:59+00:00","breadcrumb":{"@id":"https:\/\/www.profiportret.cz\/o-autorce\/#breadcrumb"},"inLanguage":"en-GB","potentialAction":[{"@type":"ReadAction","target":["https:\/\/www.profiportret.cz\/o-autorce\/"]}]},{"@type":"ImageObject","inLanguage":"en-GB","@id":"https:\/\/www.profiportret.cz\/o-autorce\/#primaryimage","url":"https:\/\/www.profiportret.cz\/wp-content\/uploads\/2023\/06\/kopie07d-1280x734.jpg","contentUrl":"https:\/\/www.profiportret.cz\/wp-content\/uploads\/2023\/06\/kopie07d-1280x734.jpg"},{"@type":"BreadcrumbList","@id":"https:\/\/www.profiportret.cz\/o-autorce\/#breadcrumb","itemListElement":[{"@type":"ListItem","position":1,"name":"Dom\u016f","item":"https:\/\/www.profiportret.cz\/"},{"@type":"ListItem","position":2,"name":"O autorce"}]},{"@type":"WebSite","@id":"https:\/\/www.profiportret.cz\/#website","url":"https:\/\/www.profiportret.cz\/","name":"ProfiPortr\u00e9t","description":"","publisher":{"@id":"https:\/\/www.profiportret.cz\/#\/schema\/person\/1056b1e82e010c8cb52945a855b084ae"},"potentialAction":[{"@type":"SearchAction","target":{"@type":"EntryPoint","urlTemplate":"https:\/\/www.profiportret.cz\/?s={search_term_string}"},"query-input":{"@type":"PropertyValueSpecification","valueRequired":true,"valueName":"search_term_string"}}],"inLanguage":"en-GB"},{"@type":["Person","Organization"],"@id":"https:\/\/www.profiportret.cz\/#\/schema\/person\/1056b1e82e010c8cb52945a855b084ae","name":"Veronika","image":{"@type":"ImageObject","inLanguage":"en-GB","@id":"https:\/\/www.profiportret.cz\/#\/schema\/person\/image\/","url":"https:\/\/secure.gravatar.com\/avatar\/8eca9da4f9d7ac48ae37db19197f9c2f0adc64e463cacc4872728095c3169925?s=96&d=mm&r=g","contentUrl":"https:\/\/secure.gravatar.com\/avatar\/8eca9da4f9d7ac48ae37db19197f9c2f0adc64e463cacc4872728095c3169925?s=96&d=mm&r=g","caption":"Veronika"},"logo":{"@id":"https:\/\/www.profiportret.cz\/#\/schema\/person\/image\/"}}]}},"_links":{"self":[{"href":"https:\/\/www.profiportret.cz\/en\/wp-json\/wp\/v2\/pages\/20","targetHints":{"allow":["GET"]}}],"collection":[{"href":"https:\/\/www.profiportret.cz\/en\/wp-json\/wp\/v2\/pages"}],"about":[{"href":"https:\/\/www.profiportret.cz\/en\/wp-json\/wp\/v2\/types\/page"}],"author":[{"embeddable":true,"href":"https:\/\/www.profiportret.cz\/en\/wp-json\/wp\/v2\/users\/1"}],"replies":[{"embeddable":true,"href":"https:\/\/www.profiportret.cz\/en\/wp-json\/wp\/v2\/comments?post=20"}],"version-history":[{"count":56,"href":"https:\/\/www.profiportret.cz\/en\/wp-json\/wp\/v2\/pages\/20\/revisions"}],"predecessor-version":[{"id":488,"href":"https:\/\/www.profiportret.cz\/en\/wp-json\/wp\/v2\/pages\/20\/revisions\/488"}],"wp:attachment":[{"href":"https:\/\/www.profiportret.cz\/en\/wp-json\/wp\/v2\/media?parent=20"}],"curies":[{"name":"wp","href":"https:\/\/api.w.org\/{rel}","templated":true}]}}